{"id":5015,"date":"2022-05-24T15:51:35","date_gmt":"2022-05-24T12:51:35","guid":{"rendered":"https:\/\/toisissatiloissa.net\/?page_id=5015"},"modified":"2022-05-24T16:23:06","modified_gmt":"2022-05-24T13:23:06","slug":"etusivu-koe","status":"publish","type":"page","link":"https:\/\/toisissatiloissa.net\/en\/etusivu-koe\/","title":{"rendered":"Etusivu koe"},"content":{"rendered":"<p><img decoding=\"async\" src=\"https:\/\/toisissatiloissa.net\/wp-content\/uploads\/2018\/12\/Toisissa_tiloissa_logo_white_RGB-4-1024x494.png\" alt=\"\" loading=\"lazy\" srcset=\"https:\/\/toisissatiloissa.net\/wp-content\/uploads\/2018\/12\/Toisissa_tiloissa_logo_white_RGB-4-1024x494.png 1024w, https:\/\/toisissatiloissa.net\/wp-content\/uploads\/2018\/12\/Toisissa_tiloissa_logo_white_RGB-4-768x371.png 768w, https:\/\/toisissatiloissa.net\/wp-content\/uploads\/2018\/12\/Toisissa_tiloissa_logo_white_RGB-4-1600x772.png 1600w, https:\/\/toisissatiloissa.net\/wp-content\/uploads\/2018\/12\/Toisissa_tiloissa_logo_white_RGB-4-300x145.png 300w\" sizes=\"auto, (max-width: 1024px) 100vw, 1024px\" width=\"1024\" height=\"494\"><\/p>\n<p>Alte Oper Frankfurt \/ \u00a9 Achim Reissner<\/p>\n<p>Toisissa tiloissa on esitystaiteen kollektiivi, jonka toiminnan ytimen\u00e4 ovat kollektiiviset ruumiilliset harjoitteet. Harjoitteiden avulla p\u00e4\u00e4st\u00e4\u00e4n kosketuksiin ihmisille vieraiden kokemus- ja olomuotojen kanssa.<\/p>\n<p><a role=\"button\"><br \/>\nLue lis\u00e4\u00e4<br \/>\n<\/a><\/p>\n<h2>AJANKOHTAISTA<\/h2>\n<p><img decoding=\"async\" src=\"https:\/\/toisissatiloissa.net\/wp-content\/uploads\/2021\/12\/Veden-kulma-16-JK-1024x683.jpg\" alt=\"\" loading=\"lazy\" srcset=\"https:\/\/toisissatiloissa.net\/wp-content\/uploads\/2021\/12\/Veden-kulma-16-JK-1024x683.jpg 1024w, https:\/\/toisissatiloissa.net\/wp-content\/uploads\/2021\/12\/Veden-kulma-16-JK-768x512.jpg 768w, https:\/\/toisissatiloissa.net\/wp-content\/uploads\/2021\/12\/Veden-kulma-16-JK-1536x1024.jpg 1536w, https:\/\/toisissatiloissa.net\/wp-content\/uploads\/2021\/12\/Veden-kulma-16-JK-2048x1365.jpg 2048w, https:\/\/toisissatiloissa.net\/wp-content\/uploads\/2021\/12\/Veden-kulma-16-JK-1600x1067.jpg 1600w, https:\/\/toisissatiloissa.net\/wp-content\/uploads\/2021\/12\/Veden-kulma-16-JK-300x200.jpg 300w\" sizes=\"auto, (max-width: 1024px) 100vw, 1024px\" width=\"1024\" height=\"683\"><\/p>\n<p><a href=\"https:\/\/toisissatiloissa.net\/en\/?page_id=4468\"><strong>VEDEN KULMA <b>104,45\u02da<\/b><\/strong><strong><b> VIDEOSARJA RAUMAN TRIENNALESSA KES\u00c4LL\u00c4<\/b><\/strong><\/a><\/p>\n<p>Vuoden 2022 vaihteessa valmistunut 8-osainen videoteos on kutsuttu Rauman taidemuseon Triennaleen. N\u00e4yttely on esill\u00e4 11.6.-25.9. Raumalla.&nbsp;&nbsp;<\/p>\n<p><a href=\"https:\/\/www.raumantaidemuseo.fi\/nayttelyt\/\">LUE LIS\u00c4\u00c4<\/a><\/p>\n<p>Tiedotamme n\u00e4yttelyst\u00e4 lis\u00e4\u00e4 my\u00f6hemmin.<\/p>\n<p><strong>Veden kulman KAIKKI<\/strong> jaksot ovat edelleen katsottavissa <a href=\"https:\/\/vimeopro.com\/user151025373\/angleofwater\">Vimeossa<\/a>. <strong>Nautinnollista matkaa!<\/strong><\/p>\n<p>Kuva \/ picture: Jenni Kokkom\u00e4ki<\/p>\n<p><img decoding=\"async\" src=\"https:\/\/toisissatiloissa.net\/wp-content\/uploads\/2020\/06\/CFIB19-Jaakko-Ruuska-768x512.jpg\" alt=\"\" loading=\"lazy\" srcset=\"https:\/\/toisissatiloissa.net\/wp-content\/uploads\/2020\/06\/CFIB19-Jaakko-Ruuska-768x512.jpg 768w, https:\/\/toisissatiloissa.net\/wp-content\/uploads\/2020\/06\/CFIB19-Jaakko-Ruuska-1024x683.jpg 1024w, https:\/\/toisissatiloissa.net\/wp-content\/uploads\/2020\/06\/CFIB19-Jaakko-Ruuska-1536x1024.jpg 1536w, https:\/\/toisissatiloissa.net\/wp-content\/uploads\/2020\/06\/CFIB19-Jaakko-Ruuska-2048x1365.jpg 2048w, https:\/\/toisissatiloissa.net\/wp-content\/uploads\/2020\/06\/CFIB19-Jaakko-Ruuska-1600x1067.jpg 1600w, https:\/\/toisissatiloissa.net\/wp-content\/uploads\/2020\/06\/CFIB19-Jaakko-Ruuska-300x200.jpg 300w\" sizes=\"auto, (max-width: 768px) 100vw, 768px\" width=\"768\" height=\"512\"><\/p>\n<p><a href=\"\/?page_id=3476\" target=\"_blank\" rel=\"noopener\"><strong>Kuvitteellisten olentojen kokoelma<\/strong><\/a> <strong>saa ruotsinkielisen version!<\/strong><\/p>\n<p><em>En samling av inbillade varelser<\/em> viett\u00e4\u00e4 ruotsinkielist\u00e4 ensi-iltaansa 11.6.2022 <a href=\"https:\/\/www.hangoteatertraff.org\/sv\/program\/toisissa-tiloissa-en-samling-av-inbillade-varelser\/\">Hang\u00f6 Teatertr\u00e4ff-festivaalilla.<\/a><\/p>\n<p>Esityksi\u00e4 on kaksi Hangon kaupunginkirjastossa 11. ja 12.6.<\/p>\n<p>Kuva \/ picture: Jaakko Ruuska<\/p>\n<p><a href=\"\/?page_id=2499\" target=\"_blank\" rel=\"noopener\"><br \/>\n<img decoding=\"async\" src=\"https:\/\/toisissatiloissa.net\/wp-content\/uploads\/2020\/01\/Hurraa_02-1024x683.jpg\" alt=\"\" loading=\"lazy\" srcset=\"https:\/\/toisissatiloissa.net\/wp-content\/uploads\/2020\/01\/Hurraa_02-1024x683.jpg 1024w, https:\/\/toisissatiloissa.net\/wp-content\/uploads\/2020\/01\/Hurraa_02-768x512.jpg 768w, https:\/\/toisissatiloissa.net\/wp-content\/uploads\/2020\/01\/Hurraa_02-1536x1024.jpg 1536w, https:\/\/toisissatiloissa.net\/wp-content\/uploads\/2020\/01\/Hurraa_02-2048x1365.jpg 2048w, https:\/\/toisissatiloissa.net\/wp-content\/uploads\/2020\/01\/Hurraa_02-1600x1067.jpg 1600w, https:\/\/toisissatiloissa.net\/wp-content\/uploads\/2020\/01\/Hurraa_02-300x200.jpg 300w\" sizes=\"auto, (max-width: 1024px) 100vw, 1024px\" width=\"1024\" height=\"683\">\t\t\t\t\t\t\t\t<\/a><\/p>\n<p><a href=\"\/?page_id=2462\"><b>SUURI KORALLIRIUTTA KANADAAN TOUKOKUUSSA<\/b><\/a><\/p>\n<p>Ylisukupolvinen koralliriuttojen ekosysteemiin sukeltava Suuri Koralliriutta -tapahtumakokonaisuus vierailee 21.-23.5.2022 Torontossa Kanadassa.<\/p>\n<p><a href=\"https:\/\/harbourfrontcentre.com\/event\/great-barrier-reef-2\/\">JUNIOR-festivaalilla<\/a> toteutetaan kolme esityst\u00e4 yleis\u00f6n kanssa, jotka sis\u00e4lt\u00e4v\u00e4t ty\u00f6pajan ja hiljaisen mielenosoituksen.<\/p>\n<p>Kuva \/ photo: Sanni Priha<\/p>\n<p><img decoding=\"async\" src=\"https:\/\/toisissatiloissa.net\/wp-content\/uploads\/2018\/12\/tripit-Paula-Tella-1-1024x724.jpg\" alt=\"\" loading=\"lazy\" srcset=\"https:\/\/toisissatiloissa.net\/wp-content\/uploads\/2018\/12\/tripit-Paula-Tella-1-1024x724.jpg 1024w, https:\/\/toisissatiloissa.net\/wp-content\/uploads\/2018\/12\/tripit-Paula-Tella-1-768x543.jpg 768w, https:\/\/toisissatiloissa.net\/wp-content\/uploads\/2018\/12\/tripit-Paula-Tella-1-1600x1131.jpg 1600w, https:\/\/toisissatiloissa.net\/wp-content\/uploads\/2018\/12\/tripit-Paula-Tella-1-300x212.jpg 300w, https:\/\/toisissatiloissa.net\/wp-content\/uploads\/2018\/12\/tripit-Paula-Tella-1.jpg 1637w\" sizes=\"auto, (max-width: 1024px) 100vw, 1024px\" width=\"1024\" height=\"724\"><\/p>\n<p><strong>TRIPIT! Toisissa tiloissa harjoitefestivaali<br \/>\n<\/strong><\/p>\n<p>Seuraava harjoitefestivaali j\u00e4rjestet\u00e4\u00e4n syyskaudella 2022.<\/p>\n<p>Kuva \/ picture: Paula Tella<\/p>\n<p><img decoding=\"async\" src=\"https:\/\/toisissatiloissa.net\/wp-content\/uploads\/2020\/10\/Rihmasto180820_04_Petri_Siikanen-1024x575.jpg\" alt=\"Ilmakuva Eiranrannasta\" loading=\"lazy\" srcset=\"https:\/\/toisissatiloissa.net\/wp-content\/uploads\/2020\/10\/Rihmasto180820_04_Petri_Siikanen-1024x575.jpg 1024w, https:\/\/toisissatiloissa.net\/wp-content\/uploads\/2020\/10\/Rihmasto180820_04_Petri_Siikanen-768x432.jpg 768w, https:\/\/toisissatiloissa.net\/wp-content\/uploads\/2020\/10\/Rihmasto180820_04_Petri_Siikanen-1536x863.jpg 1536w, https:\/\/toisissatiloissa.net\/wp-content\/uploads\/2020\/10\/Rihmasto180820_04_Petri_Siikanen-2048x1151.jpg 2048w, https:\/\/toisissatiloissa.net\/wp-content\/uploads\/2020\/10\/Rihmasto180820_04_Petri_Siikanen-1600x899.jpg 1600w, https:\/\/toisissatiloissa.net\/wp-content\/uploads\/2020\/10\/Rihmasto180820_04_Petri_Siikanen-300x169.jpg 300w\" sizes=\"auto, (max-width: 1024px) 100vw, 1024px\" width=\"1024\" height=\"575\"><\/p>\n<p>Vuonna 2022 Prosenttitaiteen hankkeessa <strong><a href=\"\/?page_id=3955\">Rihmasto<\/a><\/strong> toteutetaan viimeiset hankkeen ty\u00f6pajat. Lis\u00e4ksi 3 vuotisesta yhteisty\u00f6st\u00e4 koostetaan videodokumentaatio.<\/p>\n<p>Hanke toteutetaan yhteisty\u00f6ss\u00e4 <a href=\"https:\/\/www.hamhelsinki.fi\/2020\/10\/26\/toisissa-tiloissa-kollektiivin-rihmasto-hanke-tutustuttaa-koululaiset-ruumiilliseen-oppimiseen-tehtaankadun-peruskoulussa\/\">HAM Helsingin taidemuseon<\/a> ja <a href=\"http:\/\/www.tehta.edu.hel.fi\/\">Tehtaankadun ala-asteen<\/a> kanssa.<\/p>\n<p>Lue <a href=\"https:\/\/www.danceinfo.fi\/artikkelit\/rihmasto-hanke-johdattaa-koululaiset-ruumiilliseen-oppimiseen-ja-epahierarkkiseen-ajatteluun\/\" target=\"_blank\" rel=\"noopener\">Tanssin tiedotuskeskuksen artikkeli<\/a> Rihmasto-hankkeesta.<\/p>\n<p>Kuva \/ picture: Petri Siikanen<\/p>\n<p><img decoding=\"async\" src=\"https:\/\/toisissatiloissa.net\/wp-content\/uploads\/2019\/02\/Laura-Jantunen-Baltic-Circle-2015-1024x683.jpg\" alt=\"\" loading=\"lazy\" srcset=\"https:\/\/toisissatiloissa.net\/wp-content\/uploads\/2019\/02\/Laura-Jantunen-Baltic-Circle-2015-1024x683.jpg 1024w, https:\/\/toisissatiloissa.net\/wp-content\/uploads\/2019\/02\/Laura-Jantunen-Baltic-Circle-2015-768x512.jpg 768w, https:\/\/toisissatiloissa.net\/wp-content\/uploads\/2019\/02\/Laura-Jantunen-Baltic-Circle-2015-1600x1067.jpg 1600w, https:\/\/toisissatiloissa.net\/wp-content\/uploads\/2019\/02\/Laura-Jantunen-Baltic-Circle-2015-300x200.jpg 300w\" sizes=\"auto, (max-width: 1024px) 100vw, 1024px\" width=\"1024\" height=\"683\"><\/p>\n<p>Toisissa tiloissa Minja Mertanen ja Esa Kirkkopelto toteuttivat kollektiivis-kehollisia ty\u00f6pajoja yhdess\u00e4 brysselil\u00e4isen taiteilijan Kate McIntosh kanssa Wiener Festwochen -festivaalilla It\u00e4vallassa syyskuussa 2021.<\/p>\n<p><a href=\"https:\/\/www.tinfo.fi\/en\/Other-Spaces-to-deliver-transformative-exercises-at-Wiener-Festwochen\">Lue lis\u00e4\u00e4 Tinfon sivuilta.<\/a><\/p>\n<p>Kuva \/ picture: Laura Jantunen<\/p>\n<p><a href=\"http:\/\/www.tehdasteatteri.fi\/poikkeus-tila-taide\/#KOK\">Kuvitteellisten olentojen kokoelma -videoteoksessa<\/a>&nbsp; kerromme miten voit tehd\u00e4 \u201dEtsi oma olentosi\u201d -harjoitteen kotonasi tai muussa mieluisassa paikassa! Teos on osa TEHDAS Teatterin <a href=\"http:\/\/www.tehdasteatteri.fi\/poikkeus-tila-taide\/\">Poikkeus-Tila-Taide -teossarjaa<\/a>.<\/p>\n<p><a href=\"http:\/\/mustarinda.fi\/magazine\/psyche\/puiden-jaelkiae\" target=\"_blank\" rel=\"noopener\">Puiden j\u00e4lki\u00e4&nbsp;<\/a>Eeva Kempin muistokirjoitus Tokoinrannasta marraskuussa 2017 kaadetuille Hevoskastanjoille, mustarinda.fi -sivustolla.<\/p>\n<p>Minja Mertanen kertoo Toisista tiloista ja 17.5.2020 j\u00e4rjestetyist\u00e4 TRIPIT!-harjoitefestivaaleista Radio Suomessa, Anna Ker\u00e4sen haastattelemana!<\/p>\n<p><a href=\"https:\/\/www.danceinfo.fi\/artikkelit\/pitchaamassa-philadelphiassa-kati-korosuo-kertoo-kokemuksistaan\/\" target=\"_blank\" rel=\"noopener\"><br \/>\n<img decoding=\"async\" src=\"https:\/\/toisissatiloissa.net\/wp-content\/uploads\/2020\/01\/ToisissaTiloissa_pitch_\u00a9JeremyBengts-1024x683.jpg\" alt=\"\" loading=\"lazy\" srcset=\"https:\/\/toisissatiloissa.net\/wp-content\/uploads\/2020\/01\/ToisissaTiloissa_pitch_\u00a9JeremyBengts-1024x683.jpg 1024w, https:\/\/toisissatiloissa.net\/wp-content\/uploads\/2020\/01\/ToisissaTiloissa_pitch_\u00a9JeremyBengts-768x512.jpg 768w, https:\/\/toisissatiloissa.net\/wp-content\/uploads\/2020\/01\/ToisissaTiloissa_pitch_\u00a9JeremyBengts-1536x1024.jpg 1536w, https:\/\/toisissatiloissa.net\/wp-content\/uploads\/2020\/01\/ToisissaTiloissa_pitch_\u00a9JeremyBengts-2048x1365.jpg 2048w, https:\/\/toisissatiloissa.net\/wp-content\/uploads\/2020\/01\/ToisissaTiloissa_pitch_\u00a9JeremyBengts-1600x1067.jpg 1600w, https:\/\/toisissatiloissa.net\/wp-content\/uploads\/2020\/01\/ToisissaTiloissa_pitch_\u00a9JeremyBengts-300x200.jpg 300w\" sizes=\"auto, (max-width: 1024px) 100vw, 1024px\" width=\"1024\" height=\"683\">\t\t\t\t\t\t\t\t<\/a><\/p>\n<p>Kati Korosuo vieraili alkuvuodesta 2020 Philadelphiassa IPAY-messuilla esittelem\u00e4ss\u00e4 Toisissa tiloissa -kollektiivin Suuri Koralliriutta esityst\u00e4. Lue Katin messuvierailusta <a href=\"https:\/\/www.danceinfo.fi\/artikkelit\/pitchaamassa-philadelphiassa-kati-korosuo-kertoo-kokemuksistaan\/\" target=\"_blank\" rel=\"noopener\">Tanssin Tiedotuskeskuksen sivulta<\/a>!<\/p>\n<p>Kuva \/ photo: Jeremy Bengts<\/p>\n<p>Riikka Niemel\u00e4n taidehistorian alan v\u00e4it\u00f6skirja <em>Performatiiviset j\u00e4ljet. Teos ja tallenne esitysl\u00e4ht\u00f6isess\u00e4 mediataiteessa <\/em>on luettavissa <a href=\"http:\/\/urn.fi\/URN:ISBN:978-951-29-7581-5\">Turun yliopiston sivuilla<\/a>. Yhten\u00e4 Riikan tutkimuskohteena on ollut Toisissa tiloissa -kollektiivin Susisafari!<\/p>\n<p>Toimittaja Hanna-Mari Kuivalaisen lyhytdokumentti <a href=\"https:\/\/areena.yle.fi\/1-2881466\" target=\"_blank\" rel=\"noopener\">Ylim\u00e4\u00e4r\u00e4inen p\u00e4\u00e4<\/a> Humanoidihypoteesista on kuunneltavissa Yle Areenassa! Kesto 30 minuuttia.<\/p>\n<p><a href=\"http:\/\/www.tinfo.fi\/e-julkaisut\/sustainability_resilience_and_performance_utopias\/\" target=\"_blank\" rel=\"noopener\">The Art of Metamorphosis \u2212 Other Spaces TINFO News<\/a> -lehden sivuilla 43 &#8211; 45 on luettavissa Jaakko Ruuskan Toisista tiloista kirjoittama englanninkielinen artikkeli!<\/p>\n","protected":false},"excerpt":{"rendered":"<p>Alte Oper Frankfurt \/ \u00a9 Achim Reissner Toisissa tiloissa on esitystaiteen kollektiivi, jonka toiminnan ytimen\u00e4 ovat kollektiiviset ruumiilliset harjoitteet. Harjoitteiden avulla p\u00e4\u00e4st\u00e4\u00e4n kosketuksiin ihmisille vieraiden kokemus- ja olomuotojen kanssa. Lue lis\u00e4\u00e4 AJANKOHTAISTA VEDEN KULMA 104,45\u02da VIDEOSARJA RAUMAN TRIENNALESSA KES\u00c4LL\u00c4 Vuoden 2022 vaihteessa valmistunut 8-osainen videoteos on kutsuttu Rauman taidemuseon Triennaleen. N\u00e4yttely on esill\u00e4 11.6.-25.9. Raumalla.&nbsp;&nbsp; &#8230; <a title=\"Etusivu koe\" class=\"read-more\" href=\"https:\/\/toisissatiloissa.net\/en\/etusivu-koe\/\" aria-label=\"Read more about Etusivu koe\">Read more<\/a><\/p>\n","protected":false},"author":4,"featured_media":0,"parent":0,"menu_order":0,"comment_status":"closed","ping_status":"closed","template":"elementor_header_footer","meta":{"_eb_attr":"","generate_page_header":"","footnotes":""},"class_list":["post-5015","page","type-page","status-publish"],"_links":{"self":[{"href":"https:\/\/toisissatiloissa.net\/en\/wp-json\/wp\/v2\/pages\/5015","targetHints":{"allow":["GET"]}}],"collection":[{"href":"https:\/\/toisissatiloissa.net\/en\/wp-json\/wp\/v2\/pages"}],"about":[{"href":"https:\/\/toisissatiloissa.net\/en\/wp-json\/wp\/v2\/types\/page"}],"author":[{"embeddable":true,"href":"https:\/\/toisissatiloissa.net\/en\/wp-json\/wp\/v2\/users\/4"}],"replies":[{"embeddable":true,"href":"https:\/\/toisissatiloissa.net\/en\/wp-json\/wp\/v2\/comments?post=5015"}],"version-history":[{"count":4,"href":"https:\/\/toisissatiloissa.net\/en\/wp-json\/wp\/v2\/pages\/5015\/revisions"}],"predecessor-version":[{"id":5070,"href":"https:\/\/toisissatiloissa.net\/en\/wp-json\/wp\/v2\/pages\/5015\/revisions\/5070"}],"wp:attachment":[{"href":"https:\/\/toisissatiloissa.net\/en\/wp-json\/wp\/v2\/media?parent=5015"}],"curies":[{"name":"wp","href":"https:\/\/api.w.org\/{rel}","templated":true}]}}