{"id":5989,"date":"2022-12-21T17:47:46","date_gmt":"2022-12-21T15:47:46","guid":{"rendered":"https:\/\/toisissatiloissa.net\/?page_id=5989"},"modified":"2025-02-04T14:42:33","modified_gmt":"2025-02-04T12:42:33","slug":"veden-kulma-10445","status":"publish","type":"page","link":"https:\/\/toisissatiloissa.net\/en\/veden-kulma-10445\/","title":{"rendered":"The Angle of Water 104.45\u00b0"},"content":{"rendered":"<div class=\"wp-block-cover alignfull\" style=\"min-height:620px;aspect-ratio:unset;\"><span aria-hidden=\"true\" class=\"wp-block-cover__background has-background-dim-20 has-background-dim\" style=\"background-color:#85d6d0\"><\/span><img loading=\"lazy\" decoding=\"async\" width=\"2560\" height=\"1707\" class=\"wp-block-cover__image-background wp-image-4477\" alt=\"\" src=\"https:\/\/toisissatiloissa.net\/wp-content\/uploads\/2021\/12\/Veden-kulma-1-JK-scaled.jpg\" data-object-fit=\"cover\" srcset=\"https:\/\/toisissatiloissa.net\/wp-content\/uploads\/2021\/12\/Veden-kulma-1-JK-scaled.jpg 2560w, https:\/\/toisissatiloissa.net\/wp-content\/uploads\/2021\/12\/Veden-kulma-1-JK-768x512.jpg 768w, https:\/\/toisissatiloissa.net\/wp-content\/uploads\/2021\/12\/Veden-kulma-1-JK-1024x683.jpg 1024w, https:\/\/toisissatiloissa.net\/wp-content\/uploads\/2021\/12\/Veden-kulma-1-JK-1536x1024.jpg 1536w, https:\/\/toisissatiloissa.net\/wp-content\/uploads\/2021\/12\/Veden-kulma-1-JK-2048x1365.jpg 2048w, https:\/\/toisissatiloissa.net\/wp-content\/uploads\/2021\/12\/Veden-kulma-1-JK-1600x1067.jpg 1600w, https:\/\/toisissatiloissa.net\/wp-content\/uploads\/2021\/12\/Veden-kulma-1-JK-300x200.jpg 300w\" sizes=\"auto, (max-width: 2560px) 100vw, 2560px\" \/><div class=\"wp-block-cover__inner-container is-layout-flow wp-block-cover-is-layout-flow\">\n<div style=\"height:190px\" aria-hidden=\"true\" class=\"wp-block-spacer\"><\/div>\n\n\n\n<div class=\"wp-block-columns alignwide is-layout-flex wp-container-core-columns-is-layout-9d6595d7 wp-block-columns-is-layout-flex\">\n<div class=\"wp-block-column is-layout-flow wp-block-column-is-layout-flow\">\n<h1 class=\"wp-block-heading has-text-align-center\">THE ANGLE OF WATER 104.45\u00b0<\/h1>\n<\/div>\n<\/div>\n\n\n\n<div style=\"height:180px\" aria-hidden=\"true\" class=\"wp-block-spacer\"><\/div>\n\n\n\n<p class=\"has-text-align-left has-base-3-color has-text-color has-small-font-size\">Photo Jenni Kokkom\u00e4ki<\/p>\n<\/div><\/div>\n\n\n\n<div class=\"wp-block-essential-blocks-wrapper alignfull\"><div class=\"eb-parent-wrapper eb-parent-eb-wrapper-5fn63lm \"><div class=\"eb-wrapper-outer eb-wrapper-5fn63lm\"><div class=\"eb-wrapper-inner\"><div class=\"eb-wrapper-inner-blocks eb-wrapper-align-center\">\n<div class=\"wp-block-essential-blocks-wrapper\"><div class=\"eb-parent-wrapper eb-parent-eb-wrapper-0eh5exv \"><div class=\"eb-wrapper-outer eb-wrapper-0eh5exv\"><div class=\"eb-wrapper-inner\"><div class=\"eb-wrapper-inner-blocks eb-wrapper-align-center\">\n<div class=\"wp-block-columns is-layout-flex wp-container-core-columns-is-layout-9d6595d7 wp-block-columns-is-layout-flex\">\n<div class=\"wp-block-column is-layout-flow wp-block-column-is-layout-flow\" style=\"flex-basis:66.66%\">\n<div class=\"wp-block-essential-blocks-wrapper\"><div class=\"eb-parent-wrapper eb-parent-eb-wrapper-fipi86w \"><div class=\"eb-wrapper-outer eb-wrapper-fipi86w\"><div class=\"eb-wrapper-inner\"><div class=\"eb-wrapper-inner-blocks eb-wrapper-align-center\">\n<h3 class=\"wp-block-heading\"><strong><strong>NEW EXERCISE VIDEO SERIES<\/strong><\/strong><\/h3>\n\n\n\n<p>The newest production by the Other Spaces Collective is video series with 8 episodes <em>The Angle of Water 104.45\u02da<\/em>. The series invites spectators to try out different manifestations of water, and to approach the particularities of water as a chemical substance through bodily exercises.&nbsp;<\/p>\n\n\n\n<p>The series is in English, with English subtitles.<\/p>\n<\/div><\/div><\/div><\/div><\/div>\n\n\n\n<div class=\"wp-block-essential-blocks-wrapper\"><div class=\"eb-parent-wrapper eb-parent-eb-wrapper-x4ieena \"><div class=\"eb-wrapper-outer eb-wrapper-x4ieena\"><div class=\"eb-wrapper-inner\"><div class=\"eb-wrapper-inner-blocks eb-wrapper-align-center\">\n<h3 class=\"wp-block-heading\"><strong><strong>WATCH THE SERIES ON <a href=\"https:\/\/vimeopro.com\/user151025373\/angleofwater\">VIMEO<\/a><\/strong><\/strong><\/h3>\n\n\n\n<p>Through the video series, Other Spaces places the investigation of the manifestations of water into a wider context. Of the molecules in a human body, 99% are water molecules.<\/p>\n\n\n\n<p>Through the cycle of water we are connected to the origins of water and the Earth, as well as to the oceans, lakes, rivers and glaciers of the Earth.<\/p>\n\n\n\n<p>Links to all episodes can be found <a href=\"https:\/\/vimeopro.com\/user151025373\/angleofwater\">at the home page of the series in Vimeo<\/a>. You can reach single episodes directly through the links below.<\/p>\n\n\n\n<p>PART 1: <a href=\"https:\/\/vimeopro.com\/user151025373\/angleofwater\/video\/650687756\">Seagrass<\/a><\/p>\n\n\n\n<p>PART 2: <a href=\"https:\/\/vimeopro.com\/user151025373\/angleofwater\/video\/651934915\">Snowflake<\/a><\/p>\n\n\n\n<p>PART 3: <a href=\"https:\/\/vimeopro.com\/user151025373\/angleofwater\/video\/653198109\">Clouds<\/a><\/p>\n\n\n\n<p>PART 4: <a href=\"https:\/\/vimeopro.com\/user151025373\/angleofwater\/video\/654163829\">Icebergs<\/a><\/p>\n\n\n\n<p>PART 5: <a href=\"https:\/\/vimeopro.com\/user151025373\/angleofwater\/video\/653192719\">Cycle of Water<\/a><\/p>\n\n\n\n<p>PART 6: <a href=\"https:\/\/vimeopro.com\/user151025373\/angleofwater\/video\/650682007\">H2O<\/a><\/p>\n\n\n\n<p>PART 7: <a href=\"https:\/\/vimeopro.com\/user151025373\/angleofwater\/video\/655167713\">Memory of water<\/a><\/p>\n\n\n\n<p>PART 8: <a href=\"https:\/\/vimeopro.com\/user151025373\/angleofwater\/video\/655321694\">Ocean in a Mouth<\/a><\/p>\n<\/div><\/div><\/div><\/div><\/div>\n<\/div>\n\n\n\n<div class=\"wp-block-column is-layout-flow wp-block-column-is-layout-flow\" style=\"flex-basis:33.33%\">\n<div class=\"wp-block-essential-blocks-wrapper\"><div class=\"eb-parent-wrapper eb-parent-eb-wrapper-hbi5b7e \"><div class=\"eb-wrapper-outer eb-wrapper-hbi5b7e\"><div class=\"eb-wrapper-inner\"><div class=\"eb-wrapper-inner-blocks eb-wrapper-align-center\">\n<p><strong>COMING UP<\/strong><\/p>\n\n\n\n<p>The Angle of Water 104.45\u02da video series can be presented as a public workshop or as a video<br>installation in an exhibition space.<\/p>\n\n\n\n<p>Contact us!<\/p>\n<\/div><\/div><\/div><\/div><\/div>\n\n\n\n<div class=\"wp-block-essential-blocks-wrapper\"><div class=\"eb-parent-wrapper eb-parent-eb-wrapper-thbmzw5 \"><div class=\"eb-wrapper-outer eb-wrapper-thbmzw5\"><div class=\"eb-wrapper-inner\"><div class=\"eb-wrapper-inner-blocks eb-wrapper-align-center\">\n<p class=\"has-text-color\" style=\"color:#85d6d0\">In every episode we present one exercise. We first deomnstrate and explain the exercise, and after this we invite you to do the exercise together with us. You can do the exercise by yourself, or together with your fellow humans.<\/p>\n\n\n\n<p class=\"has-text-color\" style=\"color:#85d6d0\">**<\/p>\n\n\n\n<p class=\"has-text-color\" style=\"color:#85d6d0\"><em>The Angle of Water 104.45\u00b0<\/em> is the first season of a larger <em>Exercise Window<\/em> series, where every season deals with a specific theme. The theme of the first season is water.<\/p>\n<\/div><\/div><\/div><\/div><\/div>\n<\/div>\n<\/div>\n<\/div><\/div><\/div><\/div><\/div>\n<\/div><\/div><\/div><\/div><\/div>\n\n\n\n<div class=\"wp-block-columns is-layout-flex wp-container-core-columns-is-layout-9d6595d7 wp-block-columns-is-layout-flex\">\n<div class=\"wp-block-column is-vertically-aligned-center is-layout-flow wp-block-column-is-layout-flow\">\n<div class=\"wp-block-essential-blocks-wrapper\"><div class=\"eb-parent-wrapper eb-parent-eb-wrapper-5jq5ame \"><div class=\"eb-wrapper-outer eb-wrapper-5jq5ame\"><div class=\"eb-wrapper-inner\"><div class=\"eb-wrapper-inner-blocks eb-wrapper-align-center\">\n<p>The production has been supported by the Ministry of Education and Culture, the Arts Promotion Centre Finland, and the City of Helsinki.<\/p>\n<\/div><\/div><\/div><\/div><\/div>\n<\/div>\n\n\n\n<div class=\"wp-block-column is-layout-flow wp-block-column-is-layout-flow\">\n<figure class=\"wp-block-image size-large\"><img loading=\"lazy\" decoding=\"async\" width=\"1024\" height=\"683\" src=\"https:\/\/toisissatiloissa.net\/wp-content\/uploads\/2021\/12\/Veden-kulma-3-JK-1024x683.jpg\" alt=\"\" class=\"wp-image-4479\" srcset=\"https:\/\/toisissatiloissa.net\/wp-content\/uploads\/2021\/12\/Veden-kulma-3-JK-1024x683.jpg 1024w, https:\/\/toisissatiloissa.net\/wp-content\/uploads\/2021\/12\/Veden-kulma-3-JK-768x512.jpg 768w, https:\/\/toisissatiloissa.net\/wp-content\/uploads\/2021\/12\/Veden-kulma-3-JK-1536x1024.jpg 1536w, https:\/\/toisissatiloissa.net\/wp-content\/uploads\/2021\/12\/Veden-kulma-3-JK-2048x1365.jpg 2048w, https:\/\/toisissatiloissa.net\/wp-content\/uploads\/2021\/12\/Veden-kulma-3-JK-1600x1067.jpg 1600w, https:\/\/toisissatiloissa.net\/wp-content\/uploads\/2021\/12\/Veden-kulma-3-JK-300x200.jpg 300w\" sizes=\"auto, (max-width: 1024px) 100vw, 1024px\" \/><\/figure>\n<\/div>\n<\/div>\n\n\n\n<div class=\"wp-block-essential-blocks-wrapper alignfull\"><div class=\"eb-parent-wrapper eb-parent-eb-wrapper-kjsdrtm \"><div class=\"eb-wrapper-outer eb-wrapper-kjsdrtm\"><div class=\"eb-wrapper-inner\"><div class=\"eb-wrapper-inner-blocks eb-wrapper-align-center\">\n<div class=\"wp-block-essential-blocks-wrapper\"><div class=\"eb-parent-wrapper eb-parent-eb-wrapper-k95uygp \"><div class=\"eb-wrapper-outer eb-wrapper-k95uygp\"><div class=\"eb-wrapper-inner\"><div class=\"eb-wrapper-inner-blocks eb-wrapper-align-center\">\n<div class=\"wp-block-columns is-layout-flex wp-container-core-columns-is-layout-9d6595d7 wp-block-columns-is-layout-flex\">\n<div class=\"wp-block-column is-layout-flow wp-block-column-is-layout-flow\">\n<div class=\"wp-block-essential-blocks-wrapper\"><div class=\"eb-parent-wrapper eb-parent-eb-wrapper-6qww44e \"><div class=\"eb-wrapper-outer eb-wrapper-6qww44e\"><div class=\"eb-wrapper-inner\"><div class=\"eb-wrapper-inner-blocks eb-wrapper-align-center\">\n<h3 class=\"wp-block-heading\"><strong><strong>WORKING GROUP<\/strong><\/strong><\/h3>\n\n\n\n<p>Idea and planning: Timo Jokitalo, Minja Mertanen, Sanni Priha<br>Script: Timo Jokitalo, Eeva Kemppi, Minja Mertanen<br>Director: Sanni Priha<br>Photography and colour determination: Jaakko Ruuska<br>Recording: Sanni Priha<br>Editing: Sanni Priha<br>Sound design: Jarkko Kela<br>Music: Antti Halonen<br>Graphical design: Johanna Etel\u00e4virta<br>Photography: Jenni Kokkom\u00e4ki<br>Production: Jenni Kokkom\u00e4ki ja Hanna Romo<\/p>\n\n\n\n<p>Performers: Antti Halonen, Timo Jokitalo, Eeva Kemppi, Esa Kirkkopelto, Kati Korosuo, Mikko Lehtonen, Kaisa-Liisa Logr\u00e9n, Minja Mertanen, Heli M\u00e4kinen ja Maarit Myllynen.<\/p>\n<\/div><\/div><\/div><\/div><\/div>\n<\/div>\n\n\n\n<div class=\"wp-block-column is-layout-flow wp-block-column-is-layout-flow\">\n<div class=\"wp-block-essential-blocks-wrapper\"><div class=\"eb-parent-wrapper eb-parent-eb-wrapper-qbiexvl \"><div class=\"eb-wrapper-outer eb-wrapper-qbiexvl\"><div class=\"eb-wrapper-inner\"><div class=\"eb-wrapper-inner-blocks eb-wrapper-align-center\">\n<h3 class=\"wp-block-heading\"><strong>SUPPORTERS<\/strong><\/h3>\n\n\n\n<p>The production has been supported by the Ministry of Education and Culture, the Arts Promotion Centre Finland, and the City of Helsinki.<\/p>\n<\/div><\/div><\/div><\/div><\/div>\n\n\n\n<div class=\"wp-block-essential-blocks-wrapper\"><div class=\"eb-parent-wrapper eb-parent-eb-wrapper-zh2c3p8 \"><div class=\"eb-wrapper-outer eb-wrapper-zh2c3p8\"><div class=\"eb-wrapper-inner\"><div class=\"eb-wrapper-inner-blocks eb-wrapper-align-center\">\n<h3 class=\"wp-block-heading\"><strong><strong>PERFORMED<\/strong><\/strong><\/h3>\n\n\n\n<p>Presented online at IOTF 2023: <a href=\"https:\/\/thetheatretimes.com\/iotf2023\/\">International Online Theater Festival<\/a> on April 17th &#8211; April 30th, 2023.<\/p>\n\n\n\n<p>Presentation at the International Documentary Festival FIPADOC at SMART-section in Biarritz, France from 20.-28.2.2023.<\/p>\n\n\n\n<p>The Angle of Water <em>104.45\u02da<\/em>&nbsp;-excercise workshop at Rauma Triennale 2022, Rauma Art Museum on 29.7.2022.<\/p>\n\n\n\n<p>Videoinstallation at <a href=\"https:\/\/www.raumantaidemuseo.fi\/rauma-triennale\/\">Rauma Triennale 2022<\/a>: <em>Imagine! <\/em> -exhibition at Rauma Art Musum on 11.6 \u2013 25.9.2022.<\/p>\n\n\n\n<p>Cycle of water and Clouds -exercise performance at Public Sweat -event, Toronto, Canada 19.5.2022 <\/p>\n\n\n\n<p>Publication at Magito, Suvilahti 16.12.2022<\/p>\n\n\n\n<p>The episodes were published online in Vimeo during 16.12.2021-3.2.2022 one by one every thursday.<\/p>\n<\/div><\/div><\/div><\/div><\/div>\n<\/div>\n<\/div>\n<\/div><\/div><\/div><\/div><\/div>\n<\/div><\/div><\/div><\/div><\/div>\n\n\n\n<div class=\"wp-block-essential-blocks-slider alignfull\"><div class=\"eb-parent-wrapper eb-parent-eb-slider-blxm2wi \"><div class=\"eb-slider-wrapper eb-slider-blxm2wi\" data-settings=\"{&quot;arrows&quot;:true,&quot;adaptiveHeight&quot;:false,&quot;autoplay&quot;:true,&quot;autoplaySpeed&quot;:3000,&quot;dots&quot;:true,&quot;fade&quot;:false,&quot;infinite&quot;:true,&quot;pauseOnHover&quot;:true,&quot;slidesToShow&quot;:1,&quot;speed&quot;:500,&quot;vertical&quot;:false,&quot;responsive&quot;:[{&quot;breakpoint&quot;:1025,&quot;settings&quot;:{&quot;slidesToShow&quot;:1}},{&quot;breakpoint&quot;:767,&quot;settings&quot;:{&quot;slidesToShow&quot;:1}}]}\" data-images=\"[{&quot;url&quot;:&quot;https:\/\/toisissatiloissa.net\/wp-content\/uploads\/2021\/12\/Veden-kulma-16-JK-scaled.jpg&quot;,&quot;alt&quot;:&quot;&quot;,&quot;id&quot;:0,&quot;imageId&quot;:4485,&quot;caption&quot;:&quot;Kuva: Jenni Kokkom\u00e4ki&quot;,&quot;title&quot;:&quot;&quot;,&quot;subtitle&quot;:&quot;Photo: Jenni Kokkom\u00e4ki&quot;,&quot;showButton&quot;:false,&quot;buttonText&quot;:&quot;See More&quot;,&quot;buttonUrl&quot;:&quot;&quot;,&quot;openNewTab&quot;:false,&quot;isValidUrl&quot;:true,&quot;showSecondButton&quot;:false,&quot;secondButtonText&quot;:&quot;See More&quot;,&quot;secondButtonUrl&quot;:&quot;&quot;,&quot;secondButtonOpenNewTab&quot;:false},{&quot;url&quot;:&quot;https:\/\/toisissatiloissa.net\/wp-content\/uploads\/2021\/12\/Veden-kulma-5-JK-scaled.jpg&quot;,&quot;alt&quot;:&quot;&quot;,&quot;id&quot;:1,&quot;imageId&quot;:4481,&quot;caption&quot;:&quot;Kuva: Jenni Kokkom\u00e4ki&quot;,&quot;title&quot;:&quot;&quot;,&quot;subtitle&quot;:&quot;Photo: Jenni Kokkom\u00e4ki&quot;,&quot;showButton&quot;:false,&quot;buttonText&quot;:&quot;See More&quot;,&quot;buttonUrl&quot;:&quot;&quot;,&quot;openNewTab&quot;:false,&quot;isValidUrl&quot;:true,&quot;showSecondButton&quot;:false,&quot;secondButtonText&quot;:&quot;See More&quot;,&quot;secondButtonUrl&quot;:&quot;&quot;,&quot;secondButtonOpenNewTab&quot;:false},{&quot;url&quot;:&quot;https:\/\/toisissatiloissa.net\/wp-content\/uploads\/2021\/12\/Veden-kulma-12-JK-scaled.jpg&quot;,&quot;alt&quot;:&quot;&quot;,&quot;id&quot;:2,&quot;imageId&quot;:4483,&quot;caption&quot;:&quot;Kuva: Jenni Kokkom\u00e4ki&quot;,&quot;title&quot;:&quot;&quot;,&quot;subtitle&quot;:&quot;Photo: Jenni Kokkom\u00e4ki&quot;,&quot;showButton&quot;:false,&quot;buttonText&quot;:&quot;See More&quot;,&quot;buttonUrl&quot;:&quot;&quot;,&quot;openNewTab&quot;:false,&quot;isValidUrl&quot;:true,&quot;showSecondButton&quot;:false,&quot;secondButtonText&quot;:&quot;See More&quot;,&quot;secondButtonUrl&quot;:&quot;&quot;,&quot;secondButtonOpenNewTab&quot;:false}]\" data-slidercontenttype=\"content-1\" data-slidertype=\"content\" data-textalign=\"left\" data-arrownexticon=\"fas fa-arrow-alt-circle-right\" data-arrowprevicon=\"fas fa-arrow-alt-circle-left\"><div class=\"content\"><div class=\"eb-slider-item content-1\"><img decoding=\"async\" class=\"eb-slider-image\" src=\"https:\/\/toisissatiloissa.net\/wp-content\/uploads\/2021\/12\/Veden-kulma-16-JK-scaled.jpg\"\/><div class=\"eb-slider-content align-left\"><p class=\"eb-slider-subtitle\">Photo: Jenni Kokkom\u00e4ki<\/p><div class=\"eb-slider-button-wrapper\"><\/div><\/div><\/div><div class=\"eb-slider-item content-1\"><img decoding=\"async\" class=\"eb-slider-image\" src=\"https:\/\/toisissatiloissa.net\/wp-content\/uploads\/2021\/12\/Veden-kulma-5-JK-scaled.jpg\"\/><div class=\"eb-slider-content align-left\"><p class=\"eb-slider-subtitle\">Photo: Jenni Kokkom\u00e4ki<\/p><div class=\"eb-slider-button-wrapper\"><\/div><\/div><\/div><div class=\"eb-slider-item content-1\"><img decoding=\"async\" class=\"eb-slider-image\" src=\"https:\/\/toisissatiloissa.net\/wp-content\/uploads\/2021\/12\/Veden-kulma-12-JK-scaled.jpg\"\/><div class=\"eb-slider-content align-left\"><p class=\"eb-slider-subtitle\">Photo: Jenni Kokkom\u00e4ki<\/p><div class=\"eb-slider-button-wrapper\"><\/div><\/div><\/div><\/div><\/div><\/div><\/div>\n\n\n\n<figure class=\"wp-block-embed is-type-video is-provider-vimeo wp-block-embed-vimeo wp-embed-aspect-16-9 wp-has-aspect-ratio\"><div class=\"wp-block-embed__wrapper\">\n<iframe loading=\"lazy\" title=\"The Angle of Water (TRAILER) (2021)\" src=\"https:\/\/player.vimeo.com\/video\/651750564?dnt=1&amp;app_id=122963\" width=\"1200\" height=\"675\" frameborder=\"0\" allow=\"autoplay; fullscreen; picture-in-picture; clipboard-write; encrypted-media\"><\/iframe>\n<\/div><\/figure>\n\n\n\n<div class=\"wp-block-essential-blocks-wrapper\"><div class=\"eb-parent-wrapper eb-parent-eb-wrapper-mh7508v \"><div class=\"eb-wrapper-outer eb-wrapper-mh7508v\"><div class=\"eb-wrapper-inner\"><div class=\"eb-wrapper-inner-blocks eb-wrapper-align-center\"><\/div><\/div><\/div><\/div><\/div>","protected":false},"excerpt":{"rendered":"","protected":false},"author":8,"featured_media":0,"parent":0,"menu_order":0,"comment_status":"closed","ping_status":"closed","template":"","meta":{"_eb_attr":"","generate_page_header":"","footnotes":""},"class_list":["post-5989","page","type-page","status-publish"],"_links":{"self":[{"href":"https:\/\/toisissatiloissa.net\/en\/wp-json\/wp\/v2\/pages\/5989","targetHints":{"allow":["GET"]}}],"collection":[{"href":"https:\/\/toisissatiloissa.net\/en\/wp-json\/wp\/v2\/pages"}],"about":[{"href":"https:\/\/toisissatiloissa.net\/en\/wp-json\/wp\/v2\/types\/page"}],"author":[{"embeddable":true,"href":"https:\/\/toisissatiloissa.net\/en\/wp-json\/wp\/v2\/users\/8"}],"replies":[{"embeddable":true,"href":"https:\/\/toisissatiloissa.net\/en\/wp-json\/wp\/v2\/comments?post=5989"}],"version-history":[{"count":38,"href":"https:\/\/toisissatiloissa.net\/en\/wp-json\/wp\/v2\/pages\/5989\/revisions"}],"predecessor-version":[{"id":7756,"href":"https:\/\/toisissatiloissa.net\/en\/wp-json\/wp\/v2\/pages\/5989\/revisions\/7756"}],"wp:attachment":[{"href":"https:\/\/toisissatiloissa.net\/en\/wp-json\/wp\/v2\/media?parent=5989"}],"curies":[{"name":"wp","href":"https:\/\/api.w.org\/{rel}","templated":true}]}}